{"id":1642,"date":"2024-04-29T15:21:40","date_gmt":"2024-04-29T13:21:40","guid":{"rendered":"https:\/\/www.lycee-elisalemonnier.fr\/site\/?page_id=1642"},"modified":"2024-05-07T15:26:23","modified_gmt":"2024-05-07T13:26:23","slug":"nos-dispositifs-daccompagnement","status":"publish","type":"page","link":"https:\/\/www.lycee-elisalemonnier.fr\/site\/nos-dispositifs-daccompagnement\/","title":{"rendered":"Dispositifs d&rsquo;accompagnement"},"content":{"rendered":"\n<h2 class=\"wp-block-heading\">Le Centre de ressource&nbsp;:<\/h2>\n\n\n\n<div class=\"wp-block-columns is-layout-flex wp-container-core-columns-is-layout-9d6595d7 wp-block-columns-is-layout-flex\">\n<div class=\"wp-block-column is-layout-flow wp-block-column-is-layout-flow\">\n<figure class=\"wp-block-gallery has-nested-images columns-default is-cropped wp-block-gallery-1 is-layout-flex wp-block-gallery-is-layout-flex\">\n<figure class=\"wp-block-image size-large\"><img fetchpriority=\"high\" decoding=\"async\" width=\"1024\" height=\"768\" data-id=\"1645\" src=\"https:\/\/www.lycee-elisalemonnier.fr\/site\/wp-content\/uploads\/2024\/04\/cdr3-1024x768.jpg\" alt=\"\" class=\"wp-image-1645\" srcset=\"https:\/\/www.lycee-elisalemonnier.fr\/site\/wp-content\/uploads\/2024\/04\/cdr3-1024x768.jpg 1024w, https:\/\/www.lycee-elisalemonnier.fr\/site\/wp-content\/uploads\/2024\/04\/cdr3-300x225.jpg 300w, https:\/\/www.lycee-elisalemonnier.fr\/site\/wp-content\/uploads\/2024\/04\/cdr3-768x576.jpg 768w, https:\/\/www.lycee-elisalemonnier.fr\/site\/wp-content\/uploads\/2024\/04\/cdr3-1536x1152.jpg 1536w, https:\/\/www.lycee-elisalemonnier.fr\/site\/wp-content\/uploads\/2024\/04\/cdr3.jpg 1600w\" sizes=\"(max-width: 1024px) 100vw, 1024px\" \/><\/figure>\n\n\n\n<figure class=\"wp-block-image size-large\"><img decoding=\"async\" width=\"1024\" height=\"768\" data-id=\"1656\" src=\"https:\/\/www.lycee-elisalemonnier.fr\/site\/wp-content\/uploads\/2024\/04\/cdr1-1024x768.jpg\" alt=\"\" class=\"wp-image-1656\" srcset=\"https:\/\/www.lycee-elisalemonnier.fr\/site\/wp-content\/uploads\/2024\/04\/cdr1-1024x768.jpg 1024w, https:\/\/www.lycee-elisalemonnier.fr\/site\/wp-content\/uploads\/2024\/04\/cdr1-300x225.jpg 300w, https:\/\/www.lycee-elisalemonnier.fr\/site\/wp-content\/uploads\/2024\/04\/cdr1-768x576.jpg 768w, https:\/\/www.lycee-elisalemonnier.fr\/site\/wp-content\/uploads\/2024\/04\/cdr1-1536x1152.jpg 1536w, https:\/\/www.lycee-elisalemonnier.fr\/site\/wp-content\/uploads\/2024\/04\/cdr1.jpg 1600w\" sizes=\"(max-width: 1024px) 100vw, 1024px\" \/><\/figure>\n\n\n\n<figure class=\"wp-block-image size-large\"><img decoding=\"async\" width=\"1024\" height=\"768\" data-id=\"1655\" src=\"https:\/\/www.lycee-elisalemonnier.fr\/site\/wp-content\/uploads\/2024\/04\/cdr4-1-1024x768.jpg\" alt=\"\" class=\"wp-image-1655\" srcset=\"https:\/\/www.lycee-elisalemonnier.fr\/site\/wp-content\/uploads\/2024\/04\/cdr4-1-1024x768.jpg 1024w, https:\/\/www.lycee-elisalemonnier.fr\/site\/wp-content\/uploads\/2024\/04\/cdr4-1-300x225.jpg 300w, https:\/\/www.lycee-elisalemonnier.fr\/site\/wp-content\/uploads\/2024\/04\/cdr4-1-768x576.jpg 768w, https:\/\/www.lycee-elisalemonnier.fr\/site\/wp-content\/uploads\/2024\/04\/cdr4-1-1536x1152.jpg 1536w, https:\/\/www.lycee-elisalemonnier.fr\/site\/wp-content\/uploads\/2024\/04\/cdr4-1.jpg 1600w\" sizes=\"(max-width: 1024px) 100vw, 1024px\" \/><\/figure>\n\n\n\n<figure class=\"wp-block-image size-large\"><img loading=\"lazy\" decoding=\"async\" width=\"1024\" height=\"768\" data-id=\"1646\" src=\"https:\/\/www.lycee-elisalemonnier.fr\/site\/wp-content\/uploads\/2024\/04\/cdr5-1-1024x768.jpg\" alt=\"\" class=\"wp-image-1646\" srcset=\"https:\/\/www.lycee-elisalemonnier.fr\/site\/wp-content\/uploads\/2024\/04\/cdr5-1-1024x768.jpg 1024w, https:\/\/www.lycee-elisalemonnier.fr\/site\/wp-content\/uploads\/2024\/04\/cdr5-1-300x225.jpg 300w, https:\/\/www.lycee-elisalemonnier.fr\/site\/wp-content\/uploads\/2024\/04\/cdr5-1-768x576.jpg 768w, https:\/\/www.lycee-elisalemonnier.fr\/site\/wp-content\/uploads\/2024\/04\/cdr5-1-1536x1152.jpg 1536w, https:\/\/www.lycee-elisalemonnier.fr\/site\/wp-content\/uploads\/2024\/04\/cdr5-1.jpg 1600w\" sizes=\"(max-width: 1024px) 100vw, 1024px\" \/><\/figure>\n<\/figure>\n\n\n\n<p><\/p>\n\n\n\n<p><\/p>\n\n\n\n<p>Notre Centre de Ressources est un espace dynamique d\u00e9di\u00e9 \u00e0 l&rsquo;accompagnement individualis\u00e9 de nos \u00e9l\u00e8ves, anim\u00e9 par des enseignants volontaires.<\/p>\n\n\n\n<p>Les \u00e9l\u00e8ves en difficult\u00e9 sont envoy\u00e9s par leurs professeurs pour travailler les notions non comprises. Ce dispositif leur permet de recevoir une attention particuli\u00e8re et de combler leurs lacunes de mani\u00e8re efficace.<\/p>\n\n\n\n<p>Au sein de quatre salles sp\u00e9cialement am\u00e9nag\u00e9es, nos \u00e9l\u00e8ves b\u00e9n\u00e9ficient d&rsquo;un suivi personnalis\u00e9, o\u00f9 leurs besoins sont pris en compte de mani\u00e8re attentive. Ces salles offrent un environnement propice \u00e0 la concentration et \u00e0 l&rsquo;apprentissage.<\/p>\n\n\n\n<p>Nos enseignants volontaires mettent leur expertise au service de l&rsquo;apprentissage, guidant les \u00e9l\u00e8ves dans leurs travaux, les aidant \u00e0 surmonter les obstacles et \u00e0 d\u00e9velopper leurs comp\u00e9tences.<\/p>\n\n\n\n<p>Que ce soit pour renforcer leur compr\u00e9hension dans une mati\u00e8re sp\u00e9cifique, am\u00e9liorer leurs techniques d&rsquo;\u00e9tude ou pr\u00e9parer des examens, nos \u00e9l\u00e8ves trouvent au Centre de Ressources un soutien essentiel pour les accompagner dans leur parcours scolaire.<\/p>\n\n\n\n<p>Nous croyons fermement en l&rsquo;importance de l&rsquo;accompagnement individualis\u00e9 pour favoriser la r\u00e9ussite de tous nos \u00e9l\u00e8ves. C&rsquo;est pourquoi nous sommes fiers d&rsquo;offrir ce dispositif au sein du Lyc\u00e9e Elisa Lemonnier.<\/p>\n<\/div>\n<\/div>\n\n\n\n<h2 class=\"wp-block-heading\">Seconde&nbsp;: \u00ab&nbsp;J\u2019y arriverai&nbsp;\u00bb<\/h2>\n\n\n\n<div class=\"wp-block-columns is-layout-flex wp-container-core-columns-is-layout-9d6595d7 wp-block-columns-is-layout-flex\">\n<div class=\"wp-block-column is-layout-flow wp-block-column-is-layout-flow\">\n<figure class=\"wp-block-image size-full is-resized\"><img loading=\"lazy\" decoding=\"async\" width=\"600\" height=\"400\" src=\"https:\/\/www.lycee-elisalemonnier.fr\/site\/wp-content\/uploads\/2024\/04\/depositphotos_221819984-stock-photo-education-teaching-learning-technology-people.webp\" alt=\"\" class=\"wp-image-1649\" style=\"width:1158px;height:auto\"\/><\/figure>\n\n\n\n<p><\/p>\n\n\n\n<p>Le dispositif Seconde \u00ab&nbsp;j\u2019y arriverai&nbsp;\u00bb est propos\u00e9 \u00e0 des \u00e9l\u00e8ves pr\u00e9sentant une estime d\u2019eux-m\u00eames fragilis\u00e9e mais qui sont motiv\u00e9s dans leur apprentissages et dont les comp\u00e9tences scolaires sont suffisantes pour envisager un cursus en voie technologique.<\/p>\n\n\n\n<p>Les horaires et les programmes sont ceux de la classe de seconde GT classique auxquels sont ajout\u00e9es quelques heures hebdomadaires obligatoires&nbsp;: Aide aux devoirs, projets, etc.<\/p>\n\n\n\n<p>La classe en effectif r\u00e9duit (24 \u00e9l\u00e8ves) et l\u2019attention de l\u2019\u00e9quipe p\u00e9dagogique a pour but de redonner aux \u00e9l\u00e8ves confiance en leurs capacit\u00e9s et de les aider \u00e0 construire leur projet scolaire et professionnel.<\/p>\n\n\n\n<p>Les \u00e9l\u00e8ves susceptibles d\u2019\u00eatre concern\u00e9s par le dispositif sont propos\u00e9s par les professeurs principaux de coll\u00e8ge puis re\u00e7us en entretien au lyc\u00e9e.<\/p>\n\n\n\n<p>Tout dossier pr\u00e9sentant des probl\u00e8mes d\u2019absent\u00e9isme ou de comportement inappropri\u00e9 en classe seront \u00e9cart\u00e9s de la s\u00e9lection.<\/p>\n\n\n\n<p>Mme Willerval et Mme Le Bihan<\/p>\n<\/div>\n<\/div>\n\n\n\n<h2 class=\"wp-block-heading\">D\u00e9couverte des m\u00e9tiers des 3\u00e8me Pr\u00e9pa-M\u00e9tiers<\/h2>\n\n\n\n<p>\u00ab\u00a0La classe de 3\u00e8me dite \u00ab\u00a0pr\u00e9pa-m\u00e9tiers\u00a0\u00bb est une classe de 24 \u00e9l\u00e8ves recrut\u00e9s sur dossier. Les \u00e9l\u00e8ves sont issus d&rsquo;une quinzaine de coll\u00e8ges du Douaisis et ses environs.<\/p>\n\n\n\n<p><br>Elle r\u00e9pond \u00e0 deux enjeux majeurs : La r\u00e9ussite au Dipl\u00f4me National du Brevet et l&rsquo;orientation post troisi\u00e8me.<\/p>\n\n\n\n<p>Une orientation qui se veut m\u00fbrement r\u00e9fl\u00e9chie et choisie et ceci gr\u00e2ce \u00e0 six heures de d\u00e9couverte des formations par semaine et de cinq semaines de stage en milieu professionnel dans l&rsquo;ann\u00e9e.<\/p>\n\n\n\n<p><br>Elle s&rsquo;appuie sur une \u00e9quipe p\u00e9dagogique exp\u00e9riment\u00e9e qui \u0153uvre en coop\u00e9ration pour le bien-\u00eatre des \u00e9l\u00e8ves tout en se montrant exigeante sur les apprentissages.<\/p>\n\n\n\n<p>Lien vers l&rsquo;article : <a href=\"https:\/\/www.lycee-elisalemonnier.fr\/site\/2024\/02\/20\/decouverte-des-metiers-de-nos-3prepapro\/\">https:\/\/www.lycee-elisalemonnier.fr\/site\/2024\/02\/20\/decouverte-des-metiers-de-nos-3prepapro\/<\/a><\/p>\n\n\n\n<p>Madame Villain<\/p>\n\n\n\n<p>Proviseure adjointe<\/p>\n\n\n\n<h2 class=\"wp-block-heading\">Les cord\u00e9es de la r\u00e9ussite&nbsp;:<\/h2>\n\n\n<div class=\"wp-block-image\">\n<figure class=\"aligncenter size-full is-resized\"><img loading=\"lazy\" decoding=\"async\" width=\"623\" height=\"451\" src=\"https:\/\/www.lycee-elisalemonnier.fr\/site\/wp-content\/uploads\/2024\/04\/ecrame-2.jpg\" alt=\"\" class=\"wp-image-1674\" style=\"width:715px;height:auto\" srcset=\"https:\/\/www.lycee-elisalemonnier.fr\/site\/wp-content\/uploads\/2024\/04\/ecrame-2.jpg 623w, https:\/\/www.lycee-elisalemonnier.fr\/site\/wp-content\/uploads\/2024\/04\/ecrame-2-300x217.jpg 300w\" sizes=\"(max-width: 623px) 100vw, 623px\" \/><\/figure>\n<\/div>\n\n\n<p><\/p>\n\n\n\n<p>Les Cord\u00e9es de la R\u00e9ussite sont un dispositif fran\u00e7ais qui vise \u00e0 favoriser la r\u00e9ussite scolaire et l&rsquo;orientation vers l&rsquo;enseignement sup\u00e9rieur des jeunes issus de milieux sociaux d\u00e9favoris\u00e9s. Cr\u00e9\u00e9es en 2008, elles reposent sur un principe de parrainage et de tutorat entre des lyc\u00e9ens d&rsquo;\u00e9tablissements volontaires et des \u00e9tudiants de l&rsquo;enseignement sup\u00e9rieur, souvent issus des m\u00eames territoires.<\/p>\n\n\n\n<p>L&rsquo;id\u00e9e est de cr\u00e9er un lien entre de nos \u00e9l\u00e8ves qui aspirent \u00e0 la r\u00e9ussite en BTS, et des \u00e9tudiants qui ont d\u00e9j\u00e0 franchi certaines \u00e9tapes et qui peuvent leur apporter un soutien, des conseils et un mod\u00e8le \u00e0 suivre.<\/p>\n\n\n\n<p>Le lyc\u00e9e Elisa Lemonnier participe aux Cord\u00e9es de la R\u00e9ussite. Nous sommes engag\u00e9s dans ce dispositif visant \u00e0 soutenir la r\u00e9ussite scolaire.<\/p>\n\n\n\n<p>Les Cord\u00e9es de la R\u00e9ussite au lyc\u00e9e Elisa Lemonnier offrent aux \u00e9l\u00e8ves l&rsquo;opportunit\u00e9 de b\u00e9n\u00e9ficier d&rsquo;un accompagnement personnalis\u00e9, de conseils pour leur orientation, ainsi que de rencontres avec des \u00e9tudiants de l&rsquo;enseignement sup\u00e9rieur. Ce dispositif leur permet ainsi de d\u00e9velopper leurs perspectives et de renforcer leur projet professionnel.<\/p>\n\n\n\n<p>Lien vers l&rsquo;article de la VDN : <a href=\"https:\/\/www.lavoixdunord.fr\/1347663\/article\/2023-07-02\/douai-les-eleves-encordes-au-dispositif-cordees-de-la-reussite\">https:\/\/www.lavoixdunord.fr\/1347663\/article\/2023-07-02\/douai-les-eleves-encordes-au-dispositif-cordees-de-la-reussite<\/a><\/p>\n\n\n\n<p><\/p>\n\n\n\n<p><\/p>\n","protected":false},"excerpt":{"rendered":"<p>Le Centre de ressource&nbsp;: Notre Centre de Ressources est un espace dynamique d\u00e9di\u00e9 \u00e0 l&rsquo;accompagnement individualis\u00e9 de nos \u00e9l\u00e8ves, anim\u00e9 par des enseignants volontaires. Les \u00e9l\u00e8ves en difficult\u00e9 sont envoy\u00e9s par leurs professeurs pour travailler les notions non comprises. Ce dispositif leur permet de recevoir une attention particuli\u00e8re et de combler leurs lacunes de mani\u00e8re&hellip;&nbsp;<a href=\"https:\/\/www.lycee-elisalemonnier.fr\/site\/nos-dispositifs-daccompagnement\/\" class=\"\" rel=\"bookmark\">Lire la suite &raquo;<span class=\"screen-reader-text\">Dispositifs d&rsquo;accompagnement<\/span><\/a><\/p>\n","protected":false},"author":2,"featured_media":0,"parent":0,"menu_order":0,"comment_status":"closed","ping_status":"closed","template":"","meta":{"neve_meta_sidebar":"","neve_meta_container":"","neve_meta_enable_content_width":"","neve_meta_content_width":0,"neve_meta_title_alignment":"","neve_meta_author_avatar":"","neve_post_elements_order":"","neve_meta_disable_header":"","neve_meta_disable_footer":"","neve_meta_disable_title":"","footnotes":""},"class_list":["post-1642","page","type-page","status-publish","hentry"],"_links":{"self":[{"href":"https:\/\/www.lycee-elisalemonnier.fr\/site\/wp-json\/wp\/v2\/pages\/1642","targetHints":{"allow":["GET"]}}],"collection":[{"href":"https:\/\/www.lycee-elisalemonnier.fr\/site\/wp-json\/wp\/v2\/pages"}],"about":[{"href":"https:\/\/www.lycee-elisalemonnier.fr\/site\/wp-json\/wp\/v2\/types\/page"}],"author":[{"embeddable":true,"href":"https:\/\/www.lycee-elisalemonnier.fr\/site\/wp-json\/wp\/v2\/users\/2"}],"replies":[{"embeddable":true,"href":"https:\/\/www.lycee-elisalemonnier.fr\/site\/wp-json\/wp\/v2\/comments?post=1642"}],"version-history":[{"count":18,"href":"https:\/\/www.lycee-elisalemonnier.fr\/site\/wp-json\/wp\/v2\/pages\/1642\/revisions"}],"predecessor-version":[{"id":1688,"href":"https:\/\/www.lycee-elisalemonnier.fr\/site\/wp-json\/wp\/v2\/pages\/1642\/revisions\/1688"}],"wp:attachment":[{"href":"https:\/\/www.lycee-elisalemonnier.fr\/site\/wp-json\/wp\/v2\/media?parent=1642"}],"curies":[{"name":"wp","href":"https:\/\/api.w.org\/{rel}","templated":true}]}}