{"id":961,"date":"2024-02-02T14:51:15","date_gmt":"2024-02-02T13:51:15","guid":{"rendered":"https:\/\/www.lycee-elisalemonnier.fr\/site\/?page_id=961"},"modified":"2025-06-26T15:28:22","modified_gmt":"2025-06-26T13:28:22","slug":"le-bureau-des-relations-internationales","status":"publish","type":"page","link":"https:\/\/www.lycee-elisalemonnier.fr\/site\/le-bureau-des-relations-internationales\/","title":{"rendered":"Bureau des relations internationales"},"content":{"rendered":"\n<ul class=\"wp-block-list\">\n<li><strong>Pr\u00e9sentation&nbsp;du BRI.<\/strong><\/li>\n<\/ul>\n\n\n\n<p>Le Bureau des Relations Internationales (BRI) du Lyc\u00e9e \u00c9lisa Lemonnier joue un r\u00f4le central dans l&rsquo;ouverture du lyc\u00e9e vers le monde en initiant des projets de mobilit\u00e9 pour les \u00e9l\u00e8ves, \u00e9tudiants et le personnel. Le BRI \u00e9tablit des partenariats bilat\u00e9raux, participe \u00e0 des r\u00e9seaux internationaux et r\u00e9pond aux appels \u00e0 projets, favorisant ainsi des collaborations fructueuses et des opportunit\u00e9s d&rsquo;\u00e9changes innovants.<\/p>\n\n\n\n<p>Au-del\u00e0 des fronti\u00e8res nationales, le BRI met en avant le Lyc\u00e9e Polyvalent  \u00c9lisa Lemonnier en valorisant ses actions et en accueillant des d\u00e9l\u00e9gations \u00e9trang\u00e8res.<\/p>\n\n\n\n<p>En facilitant la mobilit\u00e9 internationale, tant entrante que sortante, pour les \u00e9tudiants et le personnel, le BRI offre un accompagnement complet, offrant \u00e0 chacun la possibilit\u00e9 de vivre une exp\u00e9rience \u00e9ducative stimulante au-del\u00e0 des fronti\u00e8res nationales.<\/p>\n\n\n\n<ul class=\"wp-block-list\">\n<li><strong>Pour joindre le BRI :<\/strong><\/li>\n<\/ul>\n\n\n\n<p><a href=\"mailto:bri-elisa.lemonnier-0590065a@ac-lille.fr\">bri-elisa.lemonnier-0590065a@ac-lille.fr<\/a><\/p>\n\n\n\n<ul class=\"wp-block-list\">\n<li><strong>Composition du BRI<\/strong><\/li>\n<\/ul>\n\n\n\n<p>Proviseur&nbsp;:&nbsp; Monsieur Pascal Dupuich<\/p>\n\n\n\n<p>Proviseur adjointe&nbsp;:&nbsp; Madame Peggy Villain<\/p>\n\n\n\n<p>DDFPT\u00a0:\u00a0 Madame Ariane Bray<\/p>\n\n\n\n<p>Adjoint gestionnaire\u00a0\/ Agent comptable :\u00a0 Monsieur Vincent Guidez<\/p>\n\n\n\n<p>Fond\u00e9e de pouvoir\u00a0: \u00a0Madame Lemoine Emmanuelle<\/p>\n\n\n\n<p>Coordinateur du BRI.&nbsp;: Monsieur Fran\u00e7ois Carpentier<\/p>\n\n\n\n<ul class=\"wp-block-list\">\n<li><strong>Fili\u00e8re professionnelle&nbsp;:<\/strong><\/li>\n<\/ul>\n\n\n\n<p>&#8211; R\u00e9f\u00e8rent Italie&nbsp;:&nbsp; Madame Martine Wiart, Monsieur Philippe Cinquemani (commerce)<\/p>\n\n\n\n<p>&#8211; R\u00e9f\u00e8rent Espagne&nbsp;:&nbsp; Madame Lucie Pistre (restauration)<\/p>\n\n\n\n<p>&#8211; R\u00e9f\u00e8rent Scandinavie :&nbsp; Monsieur Jean- Benoit Lion, Monsieur Christophe M\u00e8nier (restauration)<\/p>\n\n\n\n<ul class=\"wp-block-list\">\n<li><strong>Fili\u00e8re enseignement sup\u00e9rieur&nbsp;industriel et g\u00e9n\u00e9rale :&nbsp;<\/strong><\/li>\n<\/ul>\n\n\n\n<p>&#8211; Madame Amandine \u00a0Destroye <\/p>\n\n\n\n<p>&#8211; Madame Alison &nbsp;Burlin<\/p>\n","protected":false},"excerpt":{"rendered":"<p>Le Bureau des Relations Internationales (BRI) du Lyc\u00e9e \u00c9lisa Lemonnier joue un r\u00f4le central dans l&rsquo;ouverture du lyc\u00e9e vers le monde en initiant des projets de mobilit\u00e9 pour les \u00e9l\u00e8ves, \u00e9tudiants et le personnel. Le BRI \u00e9tablit des partenariats bilat\u00e9raux, participe \u00e0 des r\u00e9seaux internationaux et r\u00e9pond aux appels \u00e0 projets, favorisant ainsi des collaborations&hellip;&nbsp;<a href=\"https:\/\/www.lycee-elisalemonnier.fr\/site\/le-bureau-des-relations-internationales\/\" class=\"\" rel=\"bookmark\">Lire la suite &raquo;<span class=\"screen-reader-text\">Bureau des relations internationales<\/span><\/a><\/p>\n","protected":false},"author":2,"featured_media":0,"parent":0,"menu_order":0,"comment_status":"closed","ping_status":"closed","template":"","meta":{"neve_meta_sidebar":"","neve_meta_container":"","neve_meta_enable_content_width":"","neve_meta_content_width":0,"neve_meta_title_alignment":"","neve_meta_author_avatar":"","neve_post_elements_order":"","neve_meta_disable_header":"","neve_meta_disable_footer":"","neve_meta_disable_title":"","footnotes":""},"class_list":["post-961","page","type-page","status-publish","hentry"],"_links":{"self":[{"href":"https:\/\/www.lycee-elisalemonnier.fr\/site\/wp-json\/wp\/v2\/pages\/961","targetHints":{"allow":["GET"]}}],"collection":[{"href":"https:\/\/www.lycee-elisalemonnier.fr\/site\/wp-json\/wp\/v2\/pages"}],"about":[{"href":"https:\/\/www.lycee-elisalemonnier.fr\/site\/wp-json\/wp\/v2\/types\/page"}],"author":[{"embeddable":true,"href":"https:\/\/www.lycee-elisalemonnier.fr\/site\/wp-json\/wp\/v2\/users\/2"}],"replies":[{"embeddable":true,"href":"https:\/\/www.lycee-elisalemonnier.fr\/site\/wp-json\/wp\/v2\/comments?post=961"}],"version-history":[{"count":8,"href":"https:\/\/www.lycee-elisalemonnier.fr\/site\/wp-json\/wp\/v2\/pages\/961\/revisions"}],"predecessor-version":[{"id":2575,"href":"https:\/\/www.lycee-elisalemonnier.fr\/site\/wp-json\/wp\/v2\/pages\/961\/revisions\/2575"}],"wp:attachment":[{"href":"https:\/\/www.lycee-elisalemonnier.fr\/site\/wp-json\/wp\/v2\/media?parent=961"}],"curies":[{"name":"wp","href":"https:\/\/api.w.org\/{rel}","templated":true}]}}